{"id":42957,"date":"2022-10-28T14:26:03","date_gmt":"2022-10-28T12:26:03","guid":{"rendered":"https:\/\/tom-mallorca.com\/new\/equipo\/dr-matthias-goya-fels\/"},"modified":"2025-11-14T13:32:51","modified_gmt":"2025-11-14T12:32:51","slug":"dr-matias-goya-fels","status":"publish","type":"page","link":"https:\/\/tom-mallorca.com\/es\/equipo\/dr-matias-goya-fels\/","title":{"rendered":"Dr. Matias Goya Fels"},"content":{"rendered":"<p>[et_pb_section fb_built=\u00bb1&#8243; custom_padding_last_edited=\u00bbon|phone\u00bb admin_label=\u00bbHeader\u00bb _builder_version=\u00bb4.18.0&#8243; _module_preset=\u00bbdefault\u00bb background_color=\u00bbrgba(110,183,190,0.19)\u00bb use_background_color_gradient=\u00bbon\u00bb background_color_gradient_direction=\u00bb-90deg\u00bb background_color_gradient_stops=\u00bb#ffffff 0%|rgba(255,255,255,0) 48%\u00bb background_color_gradient_overlays_image=\u00bbon\u00bb background_color_gradient_start=\u00bb#ffffff\u00bb background_color_gradient_end=\u00bbrgba(255,255,255,0)\u00bb background_color_gradient_end_position=\u00bb48%\u00bb background_enable_image=\u00bboff\u00bb custom_padding=\u00bb100px||||false|false\u00bb custom_padding_tablet=\u00bb60px||60px||true|false\u00bb custom_padding_phone=\u00bb30px||30px||true|false\u00bb background_last_edited=\u00bbon|tablet\u00bb use_background_color_gradient_tablet=\u00bboff\u00bb background_color_gradient_stops_tablet=\u00bbrgba(255,255,255,0.8) 0%|rgba(255,255,255,0.4) 100%\u00bb background_color_gradient_stops_phone=\u00bbrgba(255,255,255,0.8) 0%|rgba(255,255,255,0.9) 100%\u00bb background_color_gradient_overlays_image_tablet=\u00bbon\u00bb background_color_gradient_start_tablet=\u00bbrgba(255,255,255,0.8)\u00bb background_color_gradient_start_position_tablet=\u00bb0%\u00bb background_color_gradient_end_tablet=\u00bbrgba(255,255,255,0.4)\u00bb background_color_gradient_end_phone=\u00bbrgba(255,255,255,0.9)\u00bb background_color_gradient_end_position_tablet=\u00bb100%\u00bb locked=\u00bboff\u00bb global_colors_info=\u00bb{}\u00bb][et_pb_row column_structure=\u00bb3_5,2_5&#8243; _builder_version=\u00bb4.16&#8243; _module_preset=\u00bbdefault\u00bb global_colors_info=\u00bb{}\u00bb][et_pb_column type=\u00bb3_5&#8243; _builder_version=\u00bb4.16&#8243; _module_preset=\u00bbdefault\u00bb z_index=\u00bb20&#8243; custom_padding=\u00bb||60px||false|false\u00bb global_colors_info=\u00bb{}\u00bb][et_pb_text _builder_version=\u00bb4.18.1&#8243; _module_preset=\u00bbdefault\u00bb header_font=\u00bb|600|||||||\u00bb header_text_color=\u00bb#404040&#8243; header_font_size=\u00bb34px\u00bb header_line_height=\u00bb1.2em\u00bb header_font_size_tablet=\u00bb40px\u00bb header_font_size_phone=\u00bb24px\u00bb header_font_size_last_edited=\u00bbon|phone\u00bb locked=\u00bboff\u00bb global_colors_info=\u00bb{}\u00bb]<\/p>\n<h1>Dr. Matias Goya Fels<\/h1>\n<p>[\/et_pb_text][et_pb_text _builder_version=\u00bb4.18.1&#8243; _module_preset=\u00bbdefault\u00bb text_font=\u00bb||||||||\u00bb text_font_size=\u00bb16px\u00bb text_line_height=\u00bb1.8em\u00bb header_4_font=\u00bb|600|||||||\u00bb max_width=\u00bb460px\u00bb text_font_size_tablet=\u00bb\u00bb text_font_size_phone=\u00bb14px\u00bb text_font_size_last_edited=\u00bbon|phone\u00bb locked=\u00bboff\u00bb global_colors_info=\u00bb{}\u00bb]<\/p>\n<h4><span>Especialista en ortopedia y traumatolog\u00eda (Arg)<\/span><\/h4>\n<p>[\/et_pb_text][et_pb_text _builder_version=\u00bb4.18.1&#8243; _module_preset=\u00bbdefault\u00bb text_font_size=\u00bb16px\u00bb max_width=\u00bb460px\u00bb global_colors_info=\u00bb{}\u00bb]<\/p>\n<table border=\"0\" style=\"width: 100%; border-collapse: collapse; border-style: hidden; float: left;\">\n<tbody>\n<tr>\n<td style=\"width: 30%;\"><strong>Especialista en<\/strong><\/td>\n<td style=\"width: 70%;\">Ortopedia, Traumatolog\u00eda<\/td>\n<\/tr>\n<tr>\n<td style=\"width: 30%;\"><strong>Titulaci\u00f3n<\/strong><\/td>\n<td style=\"width: 70%;\"><span>Especialista en ortopedia y cirug\u00eda traumatol\u00f3gica (Argentina)<\/span><\/td>\n<\/tr>\n<tr>\n<td style=\"width: 30%;\"><strong>Especialidades<\/strong><\/td>\n<td style=\"width: 70%;\">\n<ul>\n<li><span>Terapia de ondas de choque<\/span><\/li>\n<li><span>Visitas al hogar y al hotel<\/span><\/li>\n<li><span>Atenci\u00f3n de emergencia<\/span><\/li>\n<\/ul>\n<\/td>\n<\/tr>\n<\/tbody>\n<\/table>\n<p>[\/et_pb_text][\/et_pb_column][et_pb_column type=\u00bb2_5&#8243; _builder_version=\u00bb4.16&#8243; _module_preset=\u00bbdefault\u00bb global_colors_info=\u00bb{}\u00bb][et_pb_image src=\u00bbhttps:\/\/tom-mallorca.com\/new\/wp-content\/uploads\/2025\/11\/TOM_Aerzte_25_Matias-Goya-Fels.jpg\u00bb title_text=\u00bbTOM_Aerzte_25_Matias Goya Fels\u00bb show_bottom_space=\u00bboff\u00bb _builder_version=\u00bb4.27.4&#8243; _module_preset=\u00bbdefault\u00bb max_width=\u00bb90%\u00bb custom_margin=\u00bb|-5vw||-5vw|false|true\u00bb border_radii=\u00bbon|25px|25px|25px|25px\u00bb global_colors_info=\u00bb{}\u00bb][\/et_pb_image][\/et_pb_column][\/et_pb_row][\/et_pb_section][et_pb_section fb_built=\u00bb1&#8243; admin_label=\u00bbTeam\u00bb _builder_version=\u00bb4.18.0&#8243; _module_preset=\u00bbdefault\u00bb background_color=\u00bbrgba(208,208,208,0.15)\u00bb locked=\u00bboff\u00bb global_colors_info=\u00bb{}\u00bb][et_pb_row _builder_version=\u00bb4.18.1&#8243; _module_preset=\u00bbdefault\u00bb global_colors_info=\u00bb{}\u00bb][et_pb_column type=\u00bb4_4&#8243; _builder_version=\u00bb4.18.1&#8243; _module_preset=\u00bbdefault\u00bb global_colors_info=\u00bb{}\u00bb][et_pb_text _builder_version=\u00bb4.18.1&#8243; _module_preset=\u00bbdefault\u00bb global_colors_info=\u00bb{}\u00bb]<\/p>\n<h2>Carrera profesional<\/h2>\n<p>[\/et_pb_text][\/et_pb_column][\/et_pb_row][et_pb_row module_class=\u00bbtimeline_main_97&#8243; _builder_version=\u00bb4.24.0&#8243; _module_preset=\u00bbdefault\u00bb width_tablet=\u00bb90%\u00bb width_phone=\u00bb90%\u00bb width_last_edited=\u00bbon|tablet\u00bb max_width=\u00bb1200px\u00bb custom_margin=\u00bb||60px||false|false\u00bb custom_padding=\u00bb0px||0px||false|false\u00bb global_colors_info=\u00bb{}\u00bb][et_pb_column type=\u00bb4_4&#8243; _builder_version=\u00bb4.16&#8243; _module_preset=\u00bbdefault\u00bb global_colors_info=\u00bb{}\u00bb][et_pb_blurb title=\u00bbEquipo de columna\u00bb use_icon=\u00bbon\u00bb font_icon=\u00bb&#xe0e3;||divi||400&#8243; icon_color=\u00bb#6867ac\u00bb image_icon_width=\u00bb35px\u00bb module_class=\u00bbtu_timeline_97&#8243; _builder_version=\u00bb4.24.0&#8243; _module_preset=\u00bbdefault\u00bb header_font=\u00bb|700||on|||||\u00bb header_text_color=\u00bb#2f8f9d\u00bb header_font_size=\u00bb22px\u00bb header_letter_spacing=\u00bb0.5px\u00bb body_letter_spacing=\u00bb0.5px\u00bb text_orientation=\u00bbcenter\u00bb text_orientation_tablet=\u00bb\u00bb text_orientation_phone=\u00bb\u00bb text_orientation_last_edited=\u00bbon|phone\u00bb icon_font_size=\u00bb35px\u00bb global_colors_info=\u00bb{}\u00bb]Clinica Roger Mallorca<\/p>\n<p><span class=\"timeline-year\">seit<br \/>\n2021<\/span>[\/et_pb_blurb][et_pb_blurb title=\u00bbOrtopedia\/ Traumatologi\u0301a, TOM Mallorca\u00bb use_icon=\u00bbon\u00bb font_icon=\u00bb&#xe08b;||divi||400&#8243; icon_color=\u00bb#6867ac\u00bb image_icon_width=\u00bb35px\u00bb module_class=\u00bbtu_timeline_97&#8243; _builder_version=\u00bb4.24.0&#8243; _module_preset=\u00bbdefault\u00bb header_font=\u00bb|700||on|||||\u00bb header_text_color=\u00bb#2f8f9d\u00bb header_font_size=\u00bb22px\u00bb header_letter_spacing=\u00bb0.5px\u00bb body_letter_spacing=\u00bb0.5px\u00bb text_orientation=\u00bbcenter\u00bb text_orientation_tablet=\u00bb\u00bb text_orientation_phone=\u00bb\u00bb text_orientation_last_edited=\u00bbon|phone\u00bb icon_font_size=\u00bb35px\u00bb global_colors_info=\u00bb{}\u00bb]<span class=\"timeline-year\">desde 2021<\/span>[\/et_pb_blurb][et_pb_blurb title=\u00bbEspecialista en cirugi\u0301a traumatolo\u0301gica\/traumatologi\u0301a\u00bb use_icon=\u00bbon\u00bb font_icon=\u00bb&#xe08a;||divi||400&#8243; icon_color=\u00bb#6867ac\u00bb image_icon_width=\u00bb35px\u00bb module_class=\u00bbtu_timeline_97&#8243; _builder_version=\u00bb4.24.0&#8243; _module_preset=\u00bbdefault\u00bb header_font=\u00bb|700||on|||||\u00bb header_text_color=\u00bb#2f8f9d\u00bb header_font_size=\u00bb22px\u00bb header_letter_spacing=\u00bb0.5px\u00bb body_letter_spacing=\u00bb0.5px\u00bb text_orientation=\u00bbcenter\u00bb text_orientation_tablet=\u00bb\u00bb text_orientation_phone=\u00bb\u00bb text_orientation_last_edited=\u00bbon|phone\u00bb icon_font_size=\u00bb35px\u00bb global_colors_info=\u00bb{}\u00bb]<\/p>\n<p>Hospital Dr.Pedro Sanchez, Rio Turbio, Argentina<\/p>\n<p><span class=\"timeline-year\">2017-<br \/>2020<\/span><\/p>\n<p>[\/et_pb_blurb][et_pb_blurb title=\u00bbFormacio\u0301n especializada en traumatologi\u0301a\/cirugi\u0301a traumatolo\u0301gica\u00bb use_icon=\u00bbon\u00bb font_icon=\u00bb&#xe085;||divi||400&#8243; icon_color=\u00bb#6867ac\u00bb image_icon_width=\u00bb35px\u00bb module_class=\u00bbtu_timeline_97&#8243; _builder_version=\u00bb4.24.0&#8243; _module_preset=\u00bbdefault\u00bb header_font=\u00bb|700||on|||||\u00bb header_text_color=\u00bb#2f8f9d\u00bb header_font_size=\u00bb22px\u00bb header_letter_spacing=\u00bb0.5px\u00bb body_letter_spacing=\u00bb0.5px\u00bb text_orientation=\u00bbcenter\u00bb text_orientation_tablet=\u00bb\u00bb text_orientation_phone=\u00bb\u00bb text_orientation_last_edited=\u00bbon|phone\u00bb icon_font_size=\u00bb35px\u00bb global_colors_info=\u00bb{}\u00bb]Hospital Pin\u0303ero, Buenos Aires<\/p>\n<p><span class=\"timeline-year\">2011<br \/>\n&#8211; 2016<\/span>[\/et_pb_blurb][et_pb_blurb title=\u00bbEstudio de Medicina\u00bb use_icon=\u00bbon\u00bb font_icon=\u00bb&#xe08a;||divi||400&#8243; icon_color=\u00bb#6867ac\u00bb image_icon_width=\u00bb35px\u00bb module_class=\u00bbtu_timeline_97&#8243; _builder_version=\u00bb4.24.0&#8243; _module_preset=\u00bbdefault\u00bb header_font=\u00bb|700||on|||||\u00bb header_text_color=\u00bb#2f8f9d\u00bb header_font_size=\u00bb22px\u00bb header_letter_spacing=\u00bb0.5px\u00bb body_letter_spacing=\u00bb0.5px\u00bb text_orientation=\u00bbcenter\u00bb text_orientation_tablet=\u00bb\u00bb text_orientation_phone=\u00bb\u00bb text_orientation_last_edited=\u00bbon|phone\u00bb icon_font_size=\u00bb35px\u00bb global_colors_info=\u00bb{}\u00bb]Universidad de Buenos Aires<\/p>\n<p><span class=\"timeline-year\">2004<br \/>\n&#8211; 2010<\/span>[\/et_pb_blurb][et_pb_code _builder_version=\u00bb4.18.1&#8243; _module_preset=\u00bbdefault\u00bb global_colors_info=\u00bb{}\u00bb]<\/p>\n<style><!-- [et_pb_line_break_holder] -->  .tu_timeline_97 {<!-- [et_pb_line_break_holder] -->        width: calc(50% + 58px);<!-- [et_pb_line_break_holder] -->    border-top: 2px solid #404040;<!-- [et_pb_line_break_holder] -->    float: left;<!-- [et_pb_line_break_holder] -->    position: relative;<!-- [et_pb_line_break_holder] -->    z-index: 1;<!-- [et_pb_line_break_holder] -->    margin:0!important;<!-- [et_pb_line_break_holder] -->}<!-- [et_pb_line_break_holder] --> .tu_timeline_97:nth-child(even) {<!-- [et_pb_line_break_holder] -->   float: right;<!-- [et_pb_line_break_holder] -->  }<!-- [et_pb_line_break_holder] -->  .tu_timeline_97:before {<!-- [et_pb_line_break_holder] -->    content: \"\";<!-- [et_pb_line_break_holder] -->    background: #404040;<!-- [et_pb_line_break_holder] -->    width: 10px;<!-- [et_pb_line_break_holder] -->    height: 10px;<!-- [et_pb_line_break_holder] -->    border-radius: 50px;<!-- [et_pb_line_break_holder] -->    position: absolute;<!-- [et_pb_line_break_holder] -->    top: -5px;<!-- [et_pb_line_break_holder] -->    right: 0;<!-- [et_pb_line_break_holder] -->  }<!-- [et_pb_line_break_holder] -->  .tu_timeline_97:nth-child(even):before {<!-- [et_pb_line_break_holder] -->        right: auto;<!-- [et_pb_line_break_holder] -->    left: 0;<!-- [et_pb_line_break_holder] -->  }<!-- [et_pb_line_break_holder] -->  .tu_timeline_97 .et_pb_blurb_content{<!-- [et_pb_line_break_holder] -->        color: #404040;<!-- [et_pb_line_break_holder] -->    text-align: center;<!-- [et_pb_line_break_holder] -->    padding: 15px 80px 15px 10px;<!-- [et_pb_line_break_holder] -->    display: block;<!-- [et_pb_line_break_holder] -->    position: relative;<!-- [et_pb_line_break_holder] -->        max-width: 100%;<!-- [et_pb_line_break_holder] -->  }<!-- [et_pb_line_break_holder] -->  .tu_timeline_97:nth-child(even) .et_pb_blurb_content {<!-- [et_pb_line_break_holder] -->       padding: 15px 10px 15px 80px;<!-- [et_pb_line_break_holder] -->  }<!-- [et_pb_line_break_holder] -->  .tu_timeline_97 .et_pb_blurb_content:before {<!-- [et_pb_line_break_holder] -->        content: \"\";<!-- [et_pb_line_break_holder] -->    background: #147b87;<!-- [et_pb_line_break_holder] -->    width: 15px;<!-- [et_pb_line_break_holder] -->    height: 100%;<!-- [et_pb_line_break_holder] -->    position: absolute;<!-- [et_pb_line_break_holder] -->    top: 0;<!-- [et_pb_line_break_holder] -->    right: 50px;<!-- [et_pb_line_break_holder] -->  }<!-- [et_pb_line_break_holder] -->  .tu_timeline_97:nth-child(even) .et_pb_blurb_content:before {<!-- [et_pb_line_break_holder] -->        right: auto;<!-- [et_pb_line_break_holder] -->    left: 51px;<!-- [et_pb_line_break_holder] -->  }<!-- [et_pb_line_break_holder] -->  .tu_timeline_97 .et_pb_main_blurb_image{<!-- [et_pb_line_break_holder] -->     display:none;<!-- [et_pb_line_break_holder] -->  }<!-- [et_pb_line_break_holder] -->  .tu_timeline_97 .timeline-year {<!-- [et_pb_line_break_holder] -->  font-size: 22px;<!-- [et_pb_line_break_holder] -->    line-height: 35px;<!-- [et_pb_line_break_holder] -->    font-weight: 700;<!-- [et_pb_line_break_holder] -->    transform: translateY(-50%) rotate(90deg);<!-- [et_pb_line_break_holder] -->    position: absolute;<!-- [et_pb_line_break_holder] -->    top: 50%;<!-- [et_pb_line_break_holder] -->    right: -15px;<!-- [et_pb_line_break_holder] -->  }<!-- [et_pb_line_break_holder] -->  .tu_timeline_97:nth-child(even) .timeline-year {<!-- [et_pb_line_break_holder] -->        right: auto;<!-- [et_pb_line_break_holder] -->    left: -15px;<!-- [et_pb_line_break_holder] -->  } <!-- [et_pb_line_break_holder] -->  <!-- [et_pb_line_break_holder] -->  @media(max-width:767px){<!-- [et_pb_line_break_holder] -->    .tu_timeline_97, .tu_timeline_97:nth-child(even) {<!-- [et_pb_line_break_holder] -->          width: 100%;<!-- [et_pb_line_break_holder] -->    margin: 0px!important;<!-- [et_pb_line_break_holder] -->    }<!-- [et_pb_line_break_holder] -->      .tu_timeline_97 .et_pb_blurb_content,  .tu_timeline_97:nth-child(even) .et_pb_blurb_content {<!-- [et_pb_line_break_holder] -->           text-align: center;<!-- [et_pb_line_break_holder] --> \t\t}<!-- [et_pb_line_break_holder] -->  }<!-- [et_pb_line_break_holder] --><\/style>\n<p>[\/et_pb_code][\/et_pb_column][\/et_pb_row][\/et_pb_section][et_pb_section fb_built=\u00bb1&#8243; admin_label=\u00bbTeam\u00bb _builder_version=\u00bb4.24.0&#8243; _module_preset=\u00bbdefault\u00bb background_color=\u00bb#FFFFFF\u00bb locked=\u00bboff\u00bb global_colors_info=\u00bb{}\u00bb][et_pb_row _builder_version=\u00bb4.16&#8243; _module_preset=\u00bbdefault\u00bb locked=\u00bboff\u00bb global_colors_info=\u00bb{}\u00bb][et_pb_column type=\u00bb4_4&#8243; _builder_version=\u00bb4.16&#8243; _module_preset=\u00bbdefault\u00bb global_colors_info=\u00bb{}\u00bb][et_pb_text _builder_version=\u00bb4.18.1&#8243; _module_preset=\u00bbdefault\u00bb header_2_font=\u00bb|600|||||||\u00bb header_2_text_color=\u00bb#404040&#8243; header_2_font_size=\u00bb34px\u00bb header_2_line_height=\u00bb1.2em\u00bb text_orientation=\u00bbcenter\u00bb header_2_font_size_tablet=\u00bb42px\u00bb header_2_font_size_phone=\u00bb24px\u00bb header_2_font_size_last_edited=\u00bbon|phone\u00bb locked=\u00bboff\u00bb global_colors_info=\u00bb{}\u00bb]<\/p>\n<h2>Nuestro equipo m\u00e9dico<\/h2>\n<p>[\/et_pb_text][\/et_pb_column][\/et_pb_row][et_pb_row column_structure=\u00bb1_5,1_5,1_5,1_5,1_5&#8243; make_equal=\u00bbon\u00bb disabled_on=\u00bboff|off|off\u00bb admin_label=\u00bbEquipo m\u00e9dico ES\u00bb _builder_version=\u00bb4.27.4&#8243; _module_preset=\u00bbdefault\u00bb global_colors_info=\u00bb{}\u00bb][et_pb_column type=\u00bb1_5&#8243; _builder_version=\u00bb4.27.4&#8243; _module_preset=\u00bbdefault\u00bb global_colors_info=\u00bb{}\u00bb][et_pb_blurb title=\u00bbProf. Dr. Patric Garcia\u00bb image=\u00bbhttps:\/\/tom-mallorca.com\/new\/wp-content\/uploads\/2024\/01\/TOM_Aerzte_500x500__0000_Patric_Garcia.jpg\u00bb _builder_version=\u00bb4.24.0&#8243; _dynamic_attributes=\u00bblink_option_url\u00bb _module_preset=\u00bbdefault\u00bb header_font=\u00bb|600|||||||\u00bb header_font_size=\u00bb20px\u00bb header_line_height=\u00bb1.2em\u00bb text_orientation=\u00bbcenter\u00bb animation=\u00bboff\u00bb link_option_url=\u00bb@ET-DC@eyJkeW5hbWljIjp0cnVlLCJjb250ZW50IjoicG9zdF9saW5rX3VybF9wYWdlIiwic2V0dGluZ3MiOnsicG9zdF9pZCI6IjE3MiJ9fQ==@\u00bb border_radii_image=\u00bbon|20px|20px|20px|20px\u00bb locked=\u00bboff\u00bb global_colors_info=\u00bb{}\u00bb]<\/p>\n<p>Especialista en ortopedia y traumatolog\u00eda<\/p>\n<p>[\/et_pb_blurb][\/et_pb_column][et_pb_column type=\u00bb1_5&#8243; _builder_version=\u00bb4.21.2&#8243; _dynamic_attributes=\u00bblink_option_url\u00bb _module_preset=\u00bbdefault\u00bb link_option_url=\u00bb@ET-DC@eyJkeW5hbWljIjp0cnVlLCJjb250ZW50IjoicG9zdF9saW5rX3VybF9wYWdlIiwic2V0dGluZ3MiOnsicG9zdF9pZCI6IjQyMTA1In19@\u00bb global_colors_info=\u00bb{}\u00bb][et_pb_blurb title=\u00bbPD Dr. Johannes Glasbrenner\u00bb image=\u00bbhttps:\/\/tom-mallorca.com\/new\/wp-content\/uploads\/2024\/01\/TOM_Aerzte_500x500_Johannes_Glasbrenner-1-300&#215;300.jpg\u00bb _builder_version=\u00bb4.24.1&#8243; _dynamic_attributes=\u00bblink_option_url\u00bb _module_preset=\u00bbdefault\u00bb header_font=\u00bb|600|||||||\u00bb header_font_size=\u00bb20px\u00bb header_line_height=\u00bb1.2em\u00bb text_orientation=\u00bbcenter\u00bb animation=\u00bboff\u00bb link_option_url=\u00bb@ET-DC@eyJkeW5hbWljIjp0cnVlLCJjb250ZW50IjoicG9zdF9saW5rX3VybF9wYWdlIiwic2V0dGluZ3MiOnsicG9zdF9pZCI6IjQ0NTQzIn19@\u00bb border_radii_image=\u00bbon|20px|20px|20px|20px\u00bb locked=\u00bboff\u00bb global_colors_info=\u00bb{}\u00bb]<\/p>\n<p>Especialista en ortopedia y traumatolog\u00eda<\/p>\n<p>[\/et_pb_blurb][\/et_pb_column][et_pb_column type=\u00bb1_5&#8243; disabled_on=\u00bboff|off|off\u00bb _builder_version=\u00bb4.27.4&#8243; _dynamic_attributes=\u00bblink_option_url\u00bb _module_preset=\u00bbdefault\u00bb link_option_url=\u00bb@ET-DC@eyJkeW5hbWljIjp0cnVlLCJjb250ZW50IjoicG9zdF9saW5rX3VybF9wYWdlIiwic2V0dGluZ3MiOnsicG9zdF9pZCI6IjQyMTA5In19@\u00bb global_colors_info=\u00bb{}\u00bb][et_pb_blurb title=\u00bbDr. Marin Koychev\u00bb image=\u00bbhttps:\/\/tom-mallorca.com\/new\/wp-content\/uploads\/2025\/07\/TOM_Aerzte_0001_Marin-final-300&#215;300.jpg\u00bb _builder_version=\u00bb4.27.4&#8243; _dynamic_attributes=\u00bblink_option_url\u00bb _module_preset=\u00bbdefault\u00bb header_font=\u00bb|600|||||||\u00bb header_font_size=\u00bb20px\u00bb header_line_height=\u00bb1.2em\u00bb text_orientation=\u00bbcenter\u00bb animation=\u00bboff\u00bb link_option_url=\u00bb@ET-DC@eyJkeW5hbWljIjp0cnVlLCJjb250ZW50IjoicG9zdF9saW5rX3VybF9wYWdlIiwic2V0dGluZ3MiOnsicG9zdF9pZCI6IjQ1NzU5In19@\u00bb border_radii_image=\u00bbon|20px|20px|20px|20px\u00bb locked=\u00bboff\u00bb global_colors_info=\u00bb{}\u00bb]<\/p>\n<p>Especialista en ortopedia y traumatolog\u00eda<\/p>\n<p>[\/et_pb_blurb][\/et_pb_column][et_pb_column type=\u00bb1_5&#8243; _builder_version=\u00bb4.21.2&#8243; _dynamic_attributes=\u00bblink_option_url\u00bb _module_preset=\u00bbdefault\u00bb link_option_url=\u00bb@ET-DC@eyJkeW5hbWljIjp0cnVlLCJjb250ZW50IjoicG9zdF9saW5rX3VybF9wYWdlIiwic2V0dGluZ3MiOnsicG9zdF9pZCI6IjQyMTExIn19@\u00bb global_colors_info=\u00bb{}\u00bb][et_pb_blurb title=\u00bbDr. Matias Goya Fels\u00bb image=\u00bbhttps:\/\/tom-mallorca.com\/new\/wp-content\/uploads\/2025\/07\/TOM_Aerzte_0000_Matias2-final-Kopie-300&#215;300.jpg\u00bb _builder_version=\u00bb4.27.4&#8243; _dynamic_attributes=\u00bblink_option_url\u00bb _module_preset=\u00bbdefault\u00bb header_font=\u00bb|600|||||||\u00bb header_font_size=\u00bb20px\u00bb header_line_height=\u00bb1.2em\u00bb text_orientation=\u00bbcenter\u00bb animation=\u00bboff\u00bb link_option_url=\u00bb@ET-DC@eyJkeW5hbWljIjp0cnVlLCJjb250ZW50IjoicG9zdF9saW5rX3VybF9wYWdlIiwic2V0dGluZ3MiOnsicG9zdF9pZCI6IjQyMTExIn19@\u00bb border_radii_image=\u00bbon|20px|20px|20px|20px\u00bb locked=\u00bboff\u00bb global_colors_info=\u00bb{}\u00bb]<\/p>\n<p>Especialista en ortopedia y traumatolog\u00eda (Arg)<\/p>\n<p>[\/et_pb_blurb][\/et_pb_column][et_pb_column type=\u00bb1_5&#8243; _builder_version=\u00bb4.21.2&#8243; _dynamic_attributes=\u00bblink_option_url\u00bb _module_preset=\u00bbdefault\u00bb link_option_url=\u00bb@ET-DC@eyJkeW5hbWljIjp0cnVlLCJjb250ZW50IjoicG9zdF9saW5rX3VybF9wYWdlIiwic2V0dGluZ3MiOnsicG9zdF9pZCI6IjE3MiJ9fQ==@\u00bb global_colors_info=\u00bb{}\u00bb][et_pb_blurb title=\u00bbDr. Marco Tinius\u00bb image=\u00bbhttps:\/\/tom-mallorca.com\/new\/wp-content\/uploads\/2024\/01\/TOM_Aerzte_500x500__0002_Marco_Tinius.jpg\u00bb _builder_version=\u00bb4.24.0&#8243; _dynamic_attributes=\u00bblink_option_url\u00bb _module_preset=\u00bbdefault\u00bb header_font=\u00bb|600|||||||\u00bb header_font_size=\u00bb20px\u00bb header_line_height=\u00bb1.2em\u00bb text_orientation=\u00bbcenter\u00bb animation=\u00bboff\u00bb link_option_url=\u00bb@ET-DC@eyJkeW5hbWljIjp0cnVlLCJjb250ZW50IjoicG9zdF9saW5rX3VybF9wYWdlIiwic2V0dGluZ3MiOnsicG9zdF9pZCI6IjQyMTA5In19@\u00bb border_radii_image=\u00bbon|20px|20px|20px|20px\u00bb locked=\u00bboff\u00bb global_colors_info=\u00bb{}\u00bb]<\/p>\n<p>Especialista en ortopedia y traumatolog\u00eda<\/p>\n<p>[\/et_pb_blurb][\/et_pb_column][\/et_pb_row][\/et_pb_section]<\/p>\n","protected":false},"excerpt":{"rendered":"<p>Dr. Matias Goya FelsEspecialista en ortopedia y traumatolog\u00eda (Arg) Especialista en Ortopedia, Traumatolog\u00eda Titulaci\u00f3n Especialista en ortopedia y cirug\u00eda traumatol\u00f3gica (Argentina) Especialidades Terapia de ondas de choque Visitas al hogar y al hotel Atenci\u00f3n de emergencia Carrera profesionalClinica Roger Mallorca seit 2021desde 2021Hospital Dr.Pedro Sanchez, Rio Turbio, Argentina 2017-2020Hospital Pin\u0303ero, Buenos Aires 2011 &#8211; 2016Universidad [&hellip;]<\/p>\n","protected":false},"author":1,"featured_media":0,"parent":42925,"menu_order":5,"comment_status":"closed","ping_status":"closed","template":"","meta":{"_et_pb_use_builder":"on","_et_pb_old_content":"","_et_gb_content_width":"","footnotes":""},"class_list":["post-42957","page","type-page","status-publish","hentry"],"yoast_head":"<!-- This site is optimized with the Yoast SEO plugin v27.4 - https:\/\/yoast.com\/product\/yoast-seo-wordpress\/ -->\n<title>Dr. Matias Goya Fels - Traumatologie und Orthop\u00e4die Mallorca<\/title>\n<meta name=\"description\" content=\"Especialista en Ortopedia y Cirug\u00eda Traumatol\u00f3gica (Argentina), especialidad en Traumatolog\u00eda y Cirug\u00eda Traumatol\u00f3gica, Atenci\u00f3n de Urgencias.\" \/>\n<meta name=\"robots\" content=\"index, follow, max-snippet:-1, max-image-preview:large, max-video-preview:-1\" \/>\n<link rel=\"canonical\" href=\"https:\/\/tom-mallorca.com\/es\/equipo\/dr-matias-goya-fels\/\" \/>\n<meta property=\"og:locale\" content=\"es_ES\" \/>\n<meta property=\"og:type\" content=\"article\" \/>\n<meta property=\"og:title\" content=\"Dr. Matias Goya Fels - Traumatologie und Orthop\u00e4die Mallorca\" \/>\n<meta property=\"og:description\" content=\"Especialista en Ortopedia y Cirug\u00eda Traumatol\u00f3gica (Argentina), especialidad en Traumatolog\u00eda y Cirug\u00eda Traumatol\u00f3gica, Atenci\u00f3n de Urgencias.\" \/>\n<meta property=\"og:url\" content=\"https:\/\/tom-mallorca.com\/es\/equipo\/dr-matias-goya-fels\/\" \/>\n<meta property=\"og:site_name\" content=\"Traumatologie und Orthop\u00e4die Mallorca\" \/>\n<meta property=\"article:publisher\" content=\"https:\/\/www.facebook.com\/Mallorca-Special-Surgery-103272311971779\" \/>\n<meta property=\"article:modified_time\" content=\"2025-11-14T12:32:51+00:00\" \/>\n<meta name=\"twitter:card\" content=\"summary_large_image\" \/>\n<meta name=\"twitter:label1\" content=\"Tiempo de lectura\" \/>\n\t<meta name=\"twitter:data1\" content=\"9 minutos\" \/>\n<script type=\"application\/ld+json\" class=\"yoast-schema-graph\">{\"@context\":\"https:\\\/\\\/schema.org\",\"@graph\":[{\"@type\":\"WebPage\",\"@id\":\"https:\\\/\\\/tom-mallorca.com\\\/es\\\/equipo\\\/dr-matias-goya-fels\\\/\",\"url\":\"https:\\\/\\\/tom-mallorca.com\\\/es\\\/equipo\\\/dr-matias-goya-fels\\\/\",\"name\":\"Dr. Matias Goya Fels - Traumatologie und Orthop\u00e4die Mallorca\",\"isPartOf\":{\"@id\":\"https:\\\/\\\/tom-mallorca.com\\\/es\\\/#website\"},\"datePublished\":\"2022-10-28T12:26:03+00:00\",\"dateModified\":\"2025-11-14T12:32:51+00:00\",\"description\":\"Especialista en Ortopedia y Cirug\u00eda Traumatol\u00f3gica (Argentina), especialidad en Traumatolog\u00eda y Cirug\u00eda Traumatol\u00f3gica, Atenci\u00f3n de Urgencias.\",\"breadcrumb\":{\"@id\":\"https:\\\/\\\/tom-mallorca.com\\\/es\\\/equipo\\\/dr-matias-goya-fels\\\/#breadcrumb\"},\"inLanguage\":\"es\",\"potentialAction\":[{\"@type\":\"ReadAction\",\"target\":[\"https:\\\/\\\/tom-mallorca.com\\\/es\\\/equipo\\\/dr-matias-goya-fels\\\/\"]}]},{\"@type\":\"BreadcrumbList\",\"@id\":\"https:\\\/\\\/tom-mallorca.com\\\/es\\\/equipo\\\/dr-matias-goya-fels\\\/#breadcrumb\",\"itemListElement\":[{\"@type\":\"ListItem\",\"position\":1,\"name\":\"Startseite\",\"item\":\"https:\\\/\\\/tom-mallorca.com\\\/es\\\/\"},{\"@type\":\"ListItem\",\"position\":2,\"name\":\"Equipo de la consulta\",\"item\":\"https:\\\/\\\/tom-mallorca.com\\\/es\\\/equipo\\\/\"},{\"@type\":\"ListItem\",\"position\":3,\"name\":\"Dr. Matias Goya Fels\"}]},{\"@type\":\"WebSite\",\"@id\":\"https:\\\/\\\/tom-mallorca.com\\\/es\\\/#website\",\"url\":\"https:\\\/\\\/tom-mallorca.com\\\/es\\\/\",\"name\":\"Traumatologie und Orthop\u00e4die Mallorca\",\"description\":\"Dr. Patric Garcia\",\"publisher\":{\"@id\":\"https:\\\/\\\/tom-mallorca.com\\\/es\\\/#organization\"},\"potentialAction\":[{\"@type\":\"SearchAction\",\"target\":{\"@type\":\"EntryPoint\",\"urlTemplate\":\"https:\\\/\\\/tom-mallorca.com\\\/es\\\/?s={search_term_string}\"},\"query-input\":{\"@type\":\"PropertyValueSpecification\",\"valueRequired\":true,\"valueName\":\"search_term_string\"}}],\"inLanguage\":\"es\"},{\"@type\":\"Organization\",\"@id\":\"https:\\\/\\\/tom-mallorca.com\\\/es\\\/#organization\",\"name\":\"Traumatologie und Orthop\u00e4die Mallorca\",\"url\":\"https:\\\/\\\/tom-mallorca.com\\\/es\\\/\",\"logo\":{\"@type\":\"ImageObject\",\"inLanguage\":\"es\",\"@id\":\"https:\\\/\\\/tom-mallorca.com\\\/es\\\/#\\\/schema\\\/logo\\\/image\\\/\",\"url\":\"https:\\\/\\\/tom-mallorca.com\\\/new\\\/wp-content\\\/uploads\\\/2022\\\/10\\\/TOM_Logo_farbig-DE_RZ.png\",\"contentUrl\":\"https:\\\/\\\/tom-mallorca.com\\\/new\\\/wp-content\\\/uploads\\\/2022\\\/10\\\/TOM_Logo_farbig-DE_RZ.png\",\"width\":1113,\"height\":590,\"caption\":\"Traumatologie und Orthop\u00e4die Mallorca\"},\"image\":{\"@id\":\"https:\\\/\\\/tom-mallorca.com\\\/es\\\/#\\\/schema\\\/logo\\\/image\\\/\"},\"sameAs\":[\"https:\\\/\\\/www.facebook.com\\\/Mallorca-Special-Surgery-103272311971779\",\"https:\\\/\\\/www.instagram.com\\\/mallorcaspecialsurgery\\\/\",\"https:\\\/\\\/linkedin.com\\\/company\\\/mallorca-special-surgery\"]}]}<\/script>\n<!-- \/ Yoast SEO plugin. -->","yoast_head_json":{"title":"Dr. Matias Goya Fels - Traumatologie und Orthop\u00e4die Mallorca","description":"Especialista en Ortopedia y Cirug\u00eda Traumatol\u00f3gica (Argentina), especialidad en Traumatolog\u00eda y Cirug\u00eda Traumatol\u00f3gica, Atenci\u00f3n de Urgencias.","robots":{"index":"index","follow":"follow","max-snippet":"max-snippet:-1","max-image-preview":"max-image-preview:large","max-video-preview":"max-video-preview:-1"},"canonical":"https:\/\/tom-mallorca.com\/es\/equipo\/dr-matias-goya-fels\/","og_locale":"es_ES","og_type":"article","og_title":"Dr. Matias Goya Fels - Traumatologie und Orthop\u00e4die Mallorca","og_description":"Especialista en Ortopedia y Cirug\u00eda Traumatol\u00f3gica (Argentina), especialidad en Traumatolog\u00eda y Cirug\u00eda Traumatol\u00f3gica, Atenci\u00f3n de Urgencias.","og_url":"https:\/\/tom-mallorca.com\/es\/equipo\/dr-matias-goya-fels\/","og_site_name":"Traumatologie und Orthop\u00e4die Mallorca","article_publisher":"https:\/\/www.facebook.com\/Mallorca-Special-Surgery-103272311971779","article_modified_time":"2025-11-14T12:32:51+00:00","twitter_card":"summary_large_image","twitter_misc":{"Tiempo de lectura":"9 minutos"},"schema":{"@context":"https:\/\/schema.org","@graph":[{"@type":"WebPage","@id":"https:\/\/tom-mallorca.com\/es\/equipo\/dr-matias-goya-fels\/","url":"https:\/\/tom-mallorca.com\/es\/equipo\/dr-matias-goya-fels\/","name":"Dr. Matias Goya Fels - Traumatologie und Orthop\u00e4die Mallorca","isPartOf":{"@id":"https:\/\/tom-mallorca.com\/es\/#website"},"datePublished":"2022-10-28T12:26:03+00:00","dateModified":"2025-11-14T12:32:51+00:00","description":"Especialista en Ortopedia y Cirug\u00eda Traumatol\u00f3gica (Argentina), especialidad en Traumatolog\u00eda y Cirug\u00eda Traumatol\u00f3gica, Atenci\u00f3n de Urgencias.","breadcrumb":{"@id":"https:\/\/tom-mallorca.com\/es\/equipo\/dr-matias-goya-fels\/#breadcrumb"},"inLanguage":"es","potentialAction":[{"@type":"ReadAction","target":["https:\/\/tom-mallorca.com\/es\/equipo\/dr-matias-goya-fels\/"]}]},{"@type":"BreadcrumbList","@id":"https:\/\/tom-mallorca.com\/es\/equipo\/dr-matias-goya-fels\/#breadcrumb","itemListElement":[{"@type":"ListItem","position":1,"name":"Startseite","item":"https:\/\/tom-mallorca.com\/es\/"},{"@type":"ListItem","position":2,"name":"Equipo de la consulta","item":"https:\/\/tom-mallorca.com\/es\/equipo\/"},{"@type":"ListItem","position":3,"name":"Dr. Matias Goya Fels"}]},{"@type":"WebSite","@id":"https:\/\/tom-mallorca.com\/es\/#website","url":"https:\/\/tom-mallorca.com\/es\/","name":"Traumatologie und Orthop\u00e4die Mallorca","description":"Dr. Patric Garcia","publisher":{"@id":"https:\/\/tom-mallorca.com\/es\/#organization"},"potentialAction":[{"@type":"SearchAction","target":{"@type":"EntryPoint","urlTemplate":"https:\/\/tom-mallorca.com\/es\/?s={search_term_string}"},"query-input":{"@type":"PropertyValueSpecification","valueRequired":true,"valueName":"search_term_string"}}],"inLanguage":"es"},{"@type":"Organization","@id":"https:\/\/tom-mallorca.com\/es\/#organization","name":"Traumatologie und Orthop\u00e4die Mallorca","url":"https:\/\/tom-mallorca.com\/es\/","logo":{"@type":"ImageObject","inLanguage":"es","@id":"https:\/\/tom-mallorca.com\/es\/#\/schema\/logo\/image\/","url":"https:\/\/tom-mallorca.com\/new\/wp-content\/uploads\/2022\/10\/TOM_Logo_farbig-DE_RZ.png","contentUrl":"https:\/\/tom-mallorca.com\/new\/wp-content\/uploads\/2022\/10\/TOM_Logo_farbig-DE_RZ.png","width":1113,"height":590,"caption":"Traumatologie und Orthop\u00e4die Mallorca"},"image":{"@id":"https:\/\/tom-mallorca.com\/es\/#\/schema\/logo\/image\/"},"sameAs":["https:\/\/www.facebook.com\/Mallorca-Special-Surgery-103272311971779","https:\/\/www.instagram.com\/mallorcaspecialsurgery\/","https:\/\/linkedin.com\/company\/mallorca-special-surgery"]}]}},"_links":{"self":[{"href":"https:\/\/tom-mallorca.com\/es\/wp-json\/wp\/v2\/pages\/42957","targetHints":{"allow":["GET"]}}],"collection":[{"href":"https:\/\/tom-mallorca.com\/es\/wp-json\/wp\/v2\/pages"}],"about":[{"href":"https:\/\/tom-mallorca.com\/es\/wp-json\/wp\/v2\/types\/page"}],"author":[{"embeddable":true,"href":"https:\/\/tom-mallorca.com\/es\/wp-json\/wp\/v2\/users\/1"}],"replies":[{"embeddable":true,"href":"https:\/\/tom-mallorca.com\/es\/wp-json\/wp\/v2\/comments?post=42957"}],"version-history":[{"count":46,"href":"https:\/\/tom-mallorca.com\/es\/wp-json\/wp\/v2\/pages\/42957\/revisions"}],"predecessor-version":[{"id":46189,"href":"https:\/\/tom-mallorca.com\/es\/wp-json\/wp\/v2\/pages\/42957\/revisions\/46189"}],"up":[{"embeddable":true,"href":"https:\/\/tom-mallorca.com\/es\/wp-json\/wp\/v2\/pages\/42925"}],"wp:attachment":[{"href":"https:\/\/tom-mallorca.com\/es\/wp-json\/wp\/v2\/media?parent=42957"}],"curies":[{"name":"wp","href":"https:\/\/api.w.org\/{rel}","templated":true}]}}